{"id":60012,"date":"2025-11-20T12:04:58","date_gmt":"2025-11-20T12:04:58","guid":{"rendered":"https:\/\/equalitynow.org\/red-regional-de-acceso-a-la-justicia-en-america-latina-y-el-caribe\/"},"modified":"2025-11-20T12:14:21","modified_gmt":"2025-11-20T12:14:21","slug":"red-regional-de-acceso-a-la-justicia-en-america-latina-y-el-caribe","status":"publish","type":"page","link":"https:\/\/equalitynow.org\/es\/red-regional-de-acceso-a-la-justicia-en-america-latina-y-el-caribe\/","title":{"rendered":"Red Regional de Acceso a la Justicia en Am\u00e9rica Latina y el Caribe"},"content":{"rendered":"\n<div class=\"split-header-banner-block \" style=\"background-color:#00754C;\">\n\n\t\n\t\t<div class=\"columns\">\n\t\t\t<div class=\"column is-6-tablet\">\n\t\t\t\t<div class=\"outer\">\n\t\t\t\t\t<div class=\"inner left\">\n\n\t\t\t\t\t\t\n\t\t\t\t\t\t\n\t\t\t\t\t\t\t<h1 class=\"title\">Red Regional de Acceso a la Justicia  en Am\u00e9rica Latina y el Caribe<\/h1>\n\n\t\t\t\t\t\t\n\t\t\t\t\t\t\n\t\t\t\t\t\t\t<p><i><span style=\"font-weight: 400;\">Por la erradicaci\u00f3n de la violencia sexual y la garant\u00eda de los derechos de las sobrevivientes<\/span><\/i><\/p>\n\t\t\n\n\t\t\t\t\t\t\n\t\t\t\t\t<\/div>\n\t\t\t\t<\/div>\n\t\t\t<\/div>\n\t\t\t<div class=\"column is-6-tablet\">\n\t\t\t\t<div class=\"quick-links-container\">\n\t\t\t\t\t<div class=\"outer\">\n\t\t\t\t\t\t<div class=\"inner left\">\n\t\t\t\t\t\t\t<p style=\"color:#00754C\">Quick Links<\/p>\n\n\t\t\t\t\t\t\t\n\t\t\t\t\t\t\t\n\t\t\t\t\t\t\t\t<ul>\n\n\t\t\t\t\t\t\t\t\t\n\t\t\t\t\t\t\t\t\t\t<li>\n\t\t\t\t\t\t\t\t\t\t\t<a class=\"QLanchor\" href=\"#acerca-de-la-red-regional-de-acceso-a-la-justicia\" style=\"color:#00754C\">Acerca de la Red Regional de Acceso a la Justicia<\/a>\n\t\t\t\t\t\t\t\t\t\t<\/li>\n\n\t\t\t\t\t\t\t\t\t\n\t\t\t\t\t\t\t\t\t\t<li>\n\t\t\t\t\t\t\t\t\t\t\t<a class=\"QLanchor\" href=\"#\u00bfqu\u00e9-hace-la-red?\" style=\"color:#00754C\">\u00bfQu\u00e9 hace la Red?<\/a>\n\t\t\t\t\t\t\t\t\t\t<\/li>\n\n\t\t\t\t\t\t\t\t\t\n\t\t\t\t\t\t\t\t\t\t<li>\n\t\t\t\t\t\t\t\t\t\t\t<a class=\"QLanchor\" href=\"#retrocesos-y-disputas-por-los-derechos-de-las-mujeres,-adolescentes-y-ni\u00f1as-en-lac\" style=\"color:#00754C\">Retrocesos y disputas por los derechos de las mujeres, adolescentes y ni\u00f1as en LAC<\/a>\n\t\t\t\t\t\t\t\t\t\t<\/li>\n\n\t\t\t\t\t\t\t\t\t\n\t\t\t\t\t\t\t\t\t\t<li>\n\t\t\t\t\t\t\t\t\t\t\t<a class=\"QLanchor\" href=\"#hist\u00f3rico\" style=\"color:#00754C\">Hist\u00f3rico<\/a>\n\t\t\t\t\t\t\t\t\t\t<\/li>\n\n\t\t\t\t\t\t\t\t\t\n\t\t\t\t\t\t\t\t<\/ul>\n\n\t\t\t\t\t\t\t\n\t\t\t\t\t\t<\/div>\n\t\t\t\t\t<\/div>\n\t\t\t\t<\/div>\n\t\t\t<\/div>\n\t\t<\/div>\n\n\t\n<\/div>\n\n\n\n\n        <a name=\"acerca-de-la-red-regional-de-acceso-a-la-justicia\"><\/a>\n\n\n<div class=\"full-width-content-block\">\n\n    \n        <div class=\"container\" data-aos=\"fade-up\">\n            <div class=\"columns\">\n                <div class=\"column\">\n\n                    <p><strong>La Red Regional de Acceso a la Justicia re\u00fane a m\u00e1s de 12 organizaciones de la sociedad civil, adem\u00e1s de expertas independientes, operadoras de justicia (fiscales, juezas y auxiliares de justicia), defensoras de derechos humanos y sobrevivientes de Am\u00e9rica Latina y el Caribe (LAC), unidas para promover el cumplimiento de los est\u00e1ndares internacionales de derechos humanos en materia de violencia sexual y acceso a la justicia en la regi\u00f3n.<\/strong><\/p>\n<p><span style=\"font-weight: 400;\">Desde una perspectiva feminista, interseccional e intersectorial, la Red parte del reconocimiento de que, pese a los avances normativos en la regi\u00f3n, persisten altos niveles de impunidad, estereotipos de g\u00e9nero en los sistemas judiciales, pr\u00e1cticas revictimizantes y profundas brechas estructurales, que afectan de manera particular a ni\u00f1as y adolescentes, especialmente a aquellas que viven en zonas rurales, incluidas afrodescendientes, ind\u00edgenas, con discapacidad, con orientaciones sexuales e identidades de g\u00e9nero diversas, y aquellas que se encuentran en contextos de pobreza.<\/span><\/p>\n\n                <\/div>\n            <\/div>\n        <\/div>\n\n    \n<\/div>\n\n\n\n\n        <a name=\"\u00bfqu\u00e9-hace-la-red?\"><\/a>\n\n\n<div class=\"full-width-content-block\">\n\n    \n        <div class=\"container\" data-aos=\"fade-up\">\n            <div class=\"columns\">\n                <div class=\"column\">\n\n                    <h3><span style=\"font-weight: 400;\">\u00bfQu\u00e9 hace la Red?<\/span><\/h3>\n<p><span style=\"font-weight: 400;\">La Red lleva a cabo varias funciones esenciales para fortalecer la respuesta regional a la violencia sexual.<\/span><\/p>\n<h4><b>Investigaci\u00f3n y An\u00e1lisis<\/b><\/h4>\n<p><span style=\"font-weight: 400;\">Monitorea el cumplimiento de los compromisos estatales, identifica buenas pr\u00e1cticas y obst\u00e1culos comunes, y genera evidencia comparada para fundamentar las pol\u00edticas p\u00fablicas y los marcos legales. La Red tambi\u00e9n desarrolla an\u00e1lisis t\u00e9cnicos, herramientas y declaraciones conjuntas sobre temas emergentes, asegurando que su trabajo sea oportuno y basado en evidencia.<\/span><\/p>\n<h4><b>Incidencia y Transformaci\u00f3n<\/b><\/h4>\n<p><span style=\"font-weight: 400;\">La Red presenta opiniones expertas (amicus curiae) ante tribunales nacionales e internacionales y participa activamente en foros regionales e internacionales de derechos humanos. A trav\u00e9s de este trabajo colectivo, promueve la adopci\u00f3n de marcos legales y protocolos que se alinean con los est\u00e1ndares internacionales y contribuye a consolidar la coordinaci\u00f3n regional entre los distintos actores del sector justicia.<\/span><\/p>\n<p><span style=\"font-weight: 400;\">Finalmente, su objetivo es impulsar cambios concretos en leyes, pol\u00edticas p\u00fablicas y pr\u00e1cticas institucionales para garantizar el acceso efectivo a la justicia y prevenir retrocesos en la protecci\u00f3n de los derechos de mujeres, adolescentes y ni\u00f1as sobrevivientes de violencia sexual.<\/span><\/p>\n\n                <\/div>\n            <\/div>\n        <\/div>\n\n    \n<\/div>\n\n\n\n\n        <a name=\"retrocesos-y-disputas-por-los-derechos-de-las-mujeres,-adolescentes-y-ni\u00f1as-en-lac\"><\/a>\n\n\n<div class=\"full-width-content-block\">\n\n    \n        <div class=\"container\" data-aos=\"fade-up\">\n            <div class=\"columns\">\n                <div class=\"column\">\n\n                    <h2><span style=\"font-weight: 400;\">Retrocesos y disputas por los derechos de las mujeres, adolescentes y ni\u00f1as en LAC<\/span><\/h2>\n<p><span style=\"font-weight: 400;\">En Am\u00e9rica Latina y el Caribe, las pol\u00edticas p\u00fablicas y los marcos institucionales esenciales dedicados a la igualdad de g\u00e9nero est\u00e1n siendo activamente socavados. Este debilitamiento se evidencia en varios pa\u00edses de la regi\u00f3n a trav\u00e9s de distintas acciones:<\/span><\/p>\n<ul>\n<li style=\"font-weight: 400;\" aria-level=\"1\"><span style=\"font-weight: 400;\">Desfinanciamiento de programas de g\u00e9nero en varios pa\u00edses.<\/span><\/li>\n<li style=\"font-weight: 400;\" aria-level=\"1\"><span style=\"font-weight: 400;\">Eliminaci\u00f3n o censura de contenidos educativos con perspectiva de derechos.<\/span><\/li>\n<li style=\"font-weight: 400;\" aria-level=\"1\"><span style=\"font-weight: 400;\">Restricci\u00f3n de la participaci\u00f3n de la sociedad civil mediante obst\u00e1culos administrativos, sanciones fiscales o exclusi\u00f3n de espacios clave de di\u00e1logo.<\/span><\/li>\n<\/ul>\n<p><span style=\"font-weight: 400;\">Simult\u00e1neamente, la regi\u00f3n enfrenta un aumento alarmante de campa\u00f1as de desinformaci\u00f3n y discursos anti-derechos. Estas narrativas buscan agresivamente revertir los avances feministas al:<\/span><\/p>\n<ul>\n<li style=\"font-weight: 400;\" aria-level=\"1\"><span style=\"font-weight: 400;\">Reinterpretar de manera regresiva los est\u00e1ndares internacionales.<\/span><\/li>\n<li style=\"font-weight: 400;\" aria-level=\"1\"><span style=\"font-weight: 400;\">Legitimar conceptos sin fundamento como el llamado \u00abs\u00edndrome de alienaci\u00f3n parental\u00bb o supuestas \u00abfalsas denuncias\u00bb.<\/span><\/li>\n<li style=\"font-weight: 400;\" aria-level=\"1\"><span style=\"font-weight: 400;\">Distorsionar la realidad de la violencia sexual y, en consecuencia, da\u00f1ar la credibilidad de las sobrevivientes.<\/span><\/li>\n<\/ul>\n<p><span style=\"font-weight: 400;\">Este contexto de regresi\u00f3n y ataque hace que el trabajo de la Red sea a\u00fan m\u00e1s cr\u00edtico y urgente. Frente a estos retrocesos, la Red adopta una postura decisiva para:<\/span><\/p>\n<ul>\n<li style=\"font-weight: 400;\" aria-level=\"1\"><span style=\"font-weight: 400;\">Reafirmar los est\u00e1ndares internacionales de derechos humanos.<\/span><\/li>\n<li style=\"font-weight: 400;\" aria-level=\"1\"><span style=\"font-weight: 400;\">Visibilizar las barreras al acceso a la justicia utilizando evidencia, datos y testimonios s\u00f3lidos.<\/span><\/li>\n<li style=\"font-weight: 400;\" aria-level=\"1\"><span style=\"font-weight: 400;\">Defender el progreso que ya se ha logrado.<\/span><\/li>\n<\/ul>\n<p><span style=\"font-weight: 400;\">Su meta es ayudar a asegurar que la cuesti\u00f3n de la violencia sexual, y la obligaci\u00f3n fundamental del Estado de garantizar justicia, ocupe un lugar central en las agendas p\u00fablicas y no sea desplazada o silenciada por narrativas regresivas.<\/span><\/p>\n\n                <\/div>\n            <\/div>\n        <\/div>\n\n    \n<\/div>\n\n\n\n\n        <a name=\"hist\u00f3rico\"><\/a>\n\n\n<div class=\"full-width-content-block\">\n\n    \n        <div class=\"container\" data-aos=\"fade-up\">\n            <div class=\"columns\">\n                <div class=\"column\">\n\n                    <h2><span style=\"font-weight: 400;\">Hist\u00f3rico<\/span><\/h2>\n<p><span style=\"font-weight: 400;\">Los or\u00edgenes de la Red se remontan a noviembre de 2023, cuando un grupo diverso de activistas, juezas, fiscales, litigantes, expertas en derechos humanos y sobrevivientes se reuni\u00f3 en Cartagena, Colombia. El encuentro sirvi\u00f3 para intercambiar conocimientos, identificar desaf\u00edos comunes y definir acciones conjuntas.<\/span><\/p>\n<p><span style=\"font-weight: 400;\">De esta reuni\u00f3n surgi\u00f3 una necesidad clara: establecer un organismo regional centrado espec\u00edficamente en la implementaci\u00f3n efectiva de los est\u00e1ndares internacionales sobre violencia sexual y el acceso a la justicia. Fue a partir de este imperativo que naci\u00f3 la Red Regional para el Acceso a la Justicia en Am\u00e9rica Latina y el Caribe, impulsada por Equality Now.<\/span><\/p>\n<p><span style=\"font-weight: 400;\">Desde su fundaci\u00f3n, la Red ha desarrollado r\u00e1pidamente varias iniciativas clave para fortalecer el acceso a la justicia en la regi\u00f3n:<\/span><\/p>\n<ul>\n<li style=\"font-weight: 400;\" aria-level=\"1\"><span style=\"font-weight: 400;\">Investigaci\u00f3n Regional: Llev\u00f3 a cabo una investigaci\u00f3n en 11 pa\u00edses (Puerto Rico, M\u00e9xico, Guatemala, Panam\u00e1, Colombia, Bolivia, Per\u00fa, Paraguay, Uruguay, Chile y Argentina) para mapear tanto las barreras como los avances en el acceso a la justicia.<\/span><\/li>\n<li style=\"font-weight: 400;\" aria-level=\"1\"><span style=\"font-weight: 400;\">Fortalecimiento de Capacidades: Organiz\u00f3 seminarios para los miembros de la Red, enfocados en el intercambio de experiencias y buenas pr\u00e1cticas sobre temas emergentes, como la reparaci\u00f3n, los discursos anti-derechos, la investigaci\u00f3n y la prueba temprana.<\/span><\/li>\n<li style=\"font-weight: 400;\" aria-level=\"1\"><span style=\"font-weight: 400;\">Validaci\u00f3n de Protocolos: Contribuy\u00f3 a la validaci\u00f3n de protocolos y herramientas regionales dise\u00f1ados espec\u00edficamente para las y los operadores de justicia.<\/span><\/li>\n<li style=\"font-weight: 400;\" aria-level=\"1\"><span style=\"font-weight: 400;\">Videopodcast JUSTAS: Produjo el videopodcast <\/span><a href=\"https:\/\/equalitynow.org\/news\/news-and-insights\/justas-the-journey-of-survivors-a-new-video-podcast-by-equality-now-and-the-thelma-fardin-foundation\/\"><i><span style=\"font-weight: 400;\">JUSTAS, el camino de las sobrevivientes<\/span><\/i><\/a><span style=\"font-weight: 400;\">, en colaboraci\u00f3n con la <\/span><a href=\"https:\/\/www.fundacionthelmafardin.org\/\" target=\"_blank\" rel=\"noopener\"><span style=\"font-weight: 400;\">Fundaci\u00f3n Thelma Fard\u00edn<\/span><\/a><span style=\"font-weight: 400;\">, que visibiliza los obst\u00e1culos y las lecciones aprendidas por las sobrevivientes en su b\u00fasqueda de justicia.<\/span><span style=\"font-weight: 400;\"><br \/>\n<\/span><\/li>\n<\/ul>\n<p><span style=\"font-weight: 400;\">En noviembre de 2025, la Red celebr\u00f3 su segundo encuentro intersectorial presencial en Bogot\u00e1, que reuni\u00f3 a sus integrantes durante tres d\u00edas. Los objetivos del encuentro fueron:<\/span><\/p>\n<ul>\n<li style=\"font-weight: 400;\" aria-level=\"1\"><span style=\"font-weight: 400;\">An\u00e1lisis de Est\u00e1ndares: Analizar los avances y desaf\u00edos en la implementaci\u00f3n de los est\u00e1ndares internacionales sobre violencia sexual, con una atenci\u00f3n especial al Caso <\/span><a href=\"https:\/\/equalitynow.org\/news\/news-and-insights\/sentencia-emitida-contra-bolivia-por-caso-de-violencia-sexual-en-la-corte-interamericana-de-derechos-humanos\/\"><i><span style=\"font-weight: 400;\">Angulo Losada vs. Bolivia<\/span><\/i><span style=\"font-weight: 400;\"> de la Corte Interamericana de Derechos Humanos<\/span><\/a><span style=\"font-weight: 400;\">, que sent\u00f3 un precedente clave para la regi\u00f3n.<\/span><\/li>\n<li style=\"font-weight: 400;\" aria-level=\"1\"><span style=\"font-weight: 400;\">Planificaci\u00f3n Estrat\u00e9gica: Elaborar un plan de trabajo conjunto para los pr\u00f3ximos periodos.<\/span><\/li>\n<li style=\"font-weight: 400;\" aria-level=\"1\"><span style=\"font-weight: 400;\">Incidencia Regional: Suscribir un posicionamiento de cara a la <\/span><a href=\"https:\/\/www.unwomen.org\/en\/how-we-work\/commission-on-the-status-of-women\/csw70-2026\" target=\"_blank\" rel=\"noopener\"><span style=\"font-weight: 400;\">CSW 70 <\/span><\/a><span style=\"font-weight: 400;\">(Comisi\u00f3n de la Condici\u00f3n Jur\u00eddica y Social de la Mujer), cuyo tema central es \u00abgarantizar y fortalecer el acceso a la justicia para todas las mujeres y las ni\u00f1as, promoviendo sistemas jur\u00eddicos inclusivos y equitativos, eliminando las leyes, pol\u00edticas y pr\u00e1cticas discriminatorias, y afrontando las barreras estructurales.\u00bb<\/span><\/li>\n<\/ul>\n<p><span style=\"font-weight: 400;\">Actualmente, la Red articula con organizaciones de la sociedad civil nacionales y con redes regionales afines como <\/span><a href=\"https:\/\/cladem.org\/\" target=\"_blank\" rel=\"noopener\"><span style=\"font-weight: 400;\">CLADEM Regional<\/span><\/a><span style=\"font-weight: 400;\">, la <\/span><a href=\"https:\/\/www.aiamp.info\/index.php\/genero-11\" target=\"_blank\" rel=\"noopener\"><span style=\"font-weight: 400;\">Red Especializada en G\u00e9nero (REG) de la AIAMP,<\/span><\/a><span style=\"font-weight: 400;\"> u la red de sobrevivientes Resilientes e Inquebrantables. Esta colaboraci\u00f3n es un proceso colectivo abierto a la integraci\u00f3n de otras redes e iniciativas.<\/span><\/p>\n\n                <\/div>\n            <\/div>\n        <\/div>\n\n    \n<\/div>\n\n\n\n\n<div class=\"more-articles-block\">\n    <div class=\"main-title-container\">\n        <div class=\"container\">\n            <div class=\"columns\">\n                <div class=\"column\">\n                    <h2 class=\"main-title\" data-aos=\"fade-right\">Contenido relacionado<\/h2>\n                <\/div>\n            <\/div>\n        <\/div>\n    <\/div>\n\n    <div class=\"container container-card\">\n        <div class=\"columns is-multiline is-centered\">\n                                <div class=\"column is-12-mobile is-6-tablet is-4-desktop\">\n                        <div class=\"card\">\n                                                            <div class=\"image-container\">\n                                    <div class=\"image-overlay\"\n                                         style=\"background-image:url('https:\/\/equalitynow.org\/wp-content\/smush-webp\/2025\/09\/iStock-687790332-640x427.jpg.webp')\"\n                                         data-small=\"https:\/\/equalitynow.org\/wp-content\/uploads\/2025\/09\/iStock-687790332-640x427.jpg\">\n                                    <\/div>\n                                <\/div>\n                            \n                            <div class=\"card-content\">\n                                <p class=\"is-6 date\">24th September 2025<\/p>\n                                <p class=\"is-6 time\">11 min read<\/p>\n                                <p class=\"title\">Justicia sin discriminaci\u00f3n en Colombia<\/p>\n\n                                <div class=\"button\">\n                                    <a href=\"https:\/\/equalitynow.org\/es\/resource\/reports\/justicia-sin-discriminacion-en-colombia\/\">Read more +<\/a>\n                                <\/div>\n\n                                                            <\/div>\n                        <\/div>\n                    <\/div>\n                                    <div class=\"column is-12-mobile is-6-tablet is-4-desktop\">\n                        <div class=\"card\">\n                                                            <div class=\"image-container\">\n                                    <div class=\"image-overlay\"\n                                         style=\"background-image:url('https:\/\/equalitynow.org\/wp-content\/smush-webp\/2024\/11\/BOY_9533-640x960.jpg.webp')\"\n                                         data-small=\"https:\/\/equalitynow.org\/wp-content\/uploads\/2024\/11\/BOY_9533-640x960.jpg\">\n                                    <\/div>\n                                <\/div>\n                            \n                            <div class=\"card-content\">\n                                <p class=\"is-6 date\">16th September 2021<\/p>\n                                <p class=\"is-6 time\">11 min read<\/p>\n                                <p class=\"title\">Failure to protect: How discriminatory sexual violence laws and practices are hurting women, girls and adolescents in the Americas<\/p>\n\n                                <div class=\"button\">\n                                    <a href=\"https:\/\/equalitynow.org\/es\/resource\/reports\/failure-to-protect-how-discriminatory-sexual-violence-laws-and-practices-are-hurting-women-girls-and-adolescents-in-the-americas\/\">Read more +<\/a>\n                                <\/div>\n\n                                                            <\/div>\n                        <\/div>\n                    <\/div>\n                                    <div class=\"column is-12-mobile is-6-tablet is-4-desktop\">\n                        <div class=\"card\">\n                                                            <div class=\"image-container\">\n                                    <div class=\"image-overlay\"\n                                         style=\"background-image:url('https:\/\/equalitynow.org\/wp-content\/smush-webp\/2024\/11\/BOY_9533-640x960.jpg.webp')\"\n                                         data-small=\"https:\/\/equalitynow.org\/wp-content\/uploads\/2024\/11\/BOY_9533-640x960.jpg\">\n                                    <\/div>\n                                <\/div>\n                            \n                            <div class=\"card-content\">\n                                <p class=\"is-6 date\">27th November 2024<\/p>\n                                <p class=\"is-6 time\">11 min read<\/p>\n                                <p class=\"title\">Legislating on sexual violence with a consent-based approach in Latin America and the Caribbean<\/p>\n\n                                <div class=\"button\">\n                                    <a href=\"https:\/\/equalitynow.org\/es\/resource\/briefs\/legislating-on-sexual-violence-with-a-consent-based-approach-in-latin-america-and-the-caribbean\/\">Read more +<\/a>\n                                <\/div>\n\n                                                            <\/div>\n                        <\/div>\n                    <\/div>\n                        <\/div>\n    <\/div>\n<\/div>\n","protected":false},"excerpt":{"rendered":"","protected":false},"author":7,"featured_media":60008,"parent":0,"menu_order":0,"comment_status":"closed","ping_status":"closed","template":"","meta":{"_acf_changed":false,"footnotes":""},"class_list":["post-60012","page","type-page","status-publish","has-post-thumbnail","hentry"],"acf":[],"yoast_head":"<!-- This site is optimized with the Yoast SEO Premium plugin v27.3 (Yoast SEO v27.3) - https:\/\/yoast.com\/product\/yoast-seo-premium-wordpress\/ -->\n<title>Red Regional de Acceso a la Justicia en Am\u00e9rica Latina y el Caribe - Equality Now<\/title>\n<meta name=\"robots\" content=\"index, follow, max-snippet:-1, max-image-preview:large, max-video-preview:-1\" \/>\n<link rel=\"canonical\" href=\"https:\/\/equalitynow.org\/es\/red-regional-de-acceso-a-la-justicia-en-america-latina-y-el-caribe\/\" \/>\n<meta property=\"og:locale\" content=\"es_ES\" \/>\n<meta property=\"og:type\" content=\"article\" \/>\n<meta property=\"og:title\" content=\"Red Regional de Acceso a la Justicia en Am\u00e9rica Latina y el Caribe\" \/>\n<meta property=\"og:url\" content=\"https:\/\/equalitynow.org\/es\/red-regional-de-acceso-a-la-justicia-en-america-latina-y-el-caribe\/\" \/>\n<meta property=\"og:site_name\" content=\"Equality Now\" \/>\n<meta property=\"article:publisher\" content=\"https:\/\/www.facebook.com\/equalitynoworg\/\" \/>\n<meta property=\"article:modified_time\" content=\"2025-11-20T12:14:21+00:00\" \/>\n<meta property=\"og:image\" content=\"https:\/\/equalitynow.org\/wp-content\/uploads\/2025\/11\/DSC5145-scaled.jpg\" \/>\n\t<meta property=\"og:image:width\" content=\"2560\" \/>\n\t<meta property=\"og:image:height\" content=\"1707\" \/>\n\t<meta property=\"og:image:type\" content=\"image\/jpeg\" \/>\n<meta name=\"twitter:card\" content=\"summary_large_image\" \/>\n<meta name=\"twitter:label1\" content=\"Tiempo de lectura\" \/>\n\t<meta name=\"twitter:data1\" content=\"5 minutos\" \/>\n<script type=\"application\/ld+json\" class=\"yoast-schema-graph\">{\"@context\":\"https:\\\/\\\/schema.org\",\"@graph\":[{\"@type\":\"WebPage\",\"@id\":\"https:\\\/\\\/equalitynow.org\\\/es\\\/red-regional-de-acceso-a-la-justicia-en-america-latina-y-el-caribe\\\/\",\"url\":\"https:\\\/\\\/equalitynow.org\\\/es\\\/red-regional-de-acceso-a-la-justicia-en-america-latina-y-el-caribe\\\/\",\"name\":\"Red Regional de Acceso a la Justicia en Am\u00e9rica Latina y el Caribe - Equality Now\",\"isPartOf\":{\"@id\":\"https:\\\/\\\/equalitynow.org\\\/#website\"},\"primaryImageOfPage\":{\"@id\":\"https:\\\/\\\/equalitynow.org\\\/es\\\/red-regional-de-acceso-a-la-justicia-en-america-latina-y-el-caribe\\\/#primaryimage\"},\"image\":{\"@id\":\"https:\\\/\\\/equalitynow.org\\\/es\\\/red-regional-de-acceso-a-la-justicia-en-america-latina-y-el-caribe\\\/#primaryimage\"},\"thumbnailUrl\":\"https:\\\/\\\/equalitynow.org\\\/wp-content\\\/uploads\\\/2025\\\/11\\\/DSC5145-scaled.jpg\",\"datePublished\":\"2025-11-20T12:04:58+00:00\",\"dateModified\":\"2025-11-20T12:14:21+00:00\",\"breadcrumb\":{\"@id\":\"https:\\\/\\\/equalitynow.org\\\/es\\\/red-regional-de-acceso-a-la-justicia-en-america-latina-y-el-caribe\\\/#breadcrumb\"},\"inLanguage\":\"es\",\"potentialAction\":[{\"@type\":\"ReadAction\",\"target\":[\"https:\\\/\\\/equalitynow.org\\\/es\\\/red-regional-de-acceso-a-la-justicia-en-america-latina-y-el-caribe\\\/\"]}]},{\"@type\":\"ImageObject\",\"inLanguage\":\"es\",\"@id\":\"https:\\\/\\\/equalitynow.org\\\/es\\\/red-regional-de-acceso-a-la-justicia-en-america-latina-y-el-caribe\\\/#primaryimage\",\"url\":\"https:\\\/\\\/equalitynow.org\\\/wp-content\\\/uploads\\\/2025\\\/11\\\/DSC5145-scaled.jpg\",\"contentUrl\":\"https:\\\/\\\/equalitynow.org\\\/wp-content\\\/uploads\\\/2025\\\/11\\\/DSC5145-scaled.jpg\",\"width\":2560,\"height\":1707},{\"@type\":\"BreadcrumbList\",\"@id\":\"https:\\\/\\\/equalitynow.org\\\/es\\\/red-regional-de-acceso-a-la-justicia-en-america-latina-y-el-caribe\\\/#breadcrumb\",\"itemListElement\":[{\"@type\":\"ListItem\",\"position\":1,\"name\":\"Home\",\"item\":\"https:\\\/\\\/equalitynow.org\\\/es\\\/\"},{\"@type\":\"ListItem\",\"position\":2,\"name\":\"Red Regional de Acceso a la Justicia en Am\u00e9rica Latina y el Caribe\"}]},{\"@type\":\"WebSite\",\"@id\":\"https:\\\/\\\/equalitynow.org\\\/#website\",\"url\":\"https:\\\/\\\/equalitynow.org\\\/\",\"name\":\"Equality Now\",\"description\":\"A just world for all women and girls\",\"publisher\":{\"@id\":\"https:\\\/\\\/equalitynow.org\\\/#organization\"},\"potentialAction\":[{\"@type\":\"SearchAction\",\"target\":{\"@type\":\"EntryPoint\",\"urlTemplate\":\"https:\\\/\\\/equalitynow.org\\\/?s={search_term_string}\"},\"query-input\":{\"@type\":\"PropertyValueSpecification\",\"valueRequired\":true,\"valueName\":\"search_term_string\"}}],\"inLanguage\":\"es\"},{\"@type\":[\"Organization\",\"Place\"],\"@id\":\"https:\\\/\\\/equalitynow.org\\\/#organization\",\"name\":\"Equality Now\",\"alternateName\":\"Equality Now\",\"url\":\"https:\\\/\\\/equalitynow.org\\\/\",\"logo\":{\"@id\":\"https:\\\/\\\/equalitynow.org\\\/es\\\/red-regional-de-acceso-a-la-justicia-en-america-latina-y-el-caribe\\\/#local-main-organization-logo\"},\"image\":{\"@id\":\"https:\\\/\\\/equalitynow.org\\\/es\\\/red-regional-de-acceso-a-la-justicia-en-america-latina-y-el-caribe\\\/#local-main-organization-logo\"},\"sameAs\":[\"https:\\\/\\\/www.facebook.com\\\/equalitynoworg\\\/\",\"https:\\\/\\\/www.linkedin.com\\\/company\\\/equality-now\\\/\",\"https:\\\/\\\/www.instagram.com\\\/equalitynoworg\"],\"description\":\"Equality Now leads the way in driving the legal and systemic change needed to end violence and discrimination against all women and girls, everywhere in the world, to the benefit of all. Every year, our work leads to legal, systemic, and cultural progress that translates into real and positive change for millions of women and girls around the world. In 2024, we improved justice for over 52 million women & girls.\",\"legalName\":\"Equality Now\",\"foundingDate\":\"1992-04-10\",\"numberOfEmployees\":{\"@type\":\"QuantitativeValue\",\"minValue\":\"51\",\"maxValue\":\"200\"},\"telephone\":[],\"openingHoursSpecification\":[{\"@type\":\"OpeningHoursSpecification\",\"dayOfWeek\":[\"Monday\",\"Tuesday\",\"Wednesday\",\"Thursday\",\"Friday\",\"Saturday\",\"Sunday\"],\"opens\":\"09:00\",\"closes\":\"17:00\"}]},{\"@type\":\"ImageObject\",\"inLanguage\":\"es\",\"@id\":\"https:\\\/\\\/equalitynow.org\\\/es\\\/red-regional-de-acceso-a-la-justicia-en-america-latina-y-el-caribe\\\/#local-main-organization-logo\",\"url\":\"https:\\\/\\\/equalitynow.org\\\/wp-content\\\/uploads\\\/2026\\\/03\\\/EN_stacked_blueGrey.png\",\"contentUrl\":\"https:\\\/\\\/equalitynow.org\\\/wp-content\\\/uploads\\\/2026\\\/03\\\/EN_stacked_blueGrey.png\",\"width\":1265,\"height\":1287,\"caption\":\"Equality Now\"}]}<\/script>\n<!-- \/ Yoast SEO Premium plugin. -->","yoast_head_json":{"title":"Red Regional de Acceso a la Justicia en Am\u00e9rica Latina y el Caribe - Equality Now","robots":{"index":"index","follow":"follow","max-snippet":"max-snippet:-1","max-image-preview":"max-image-preview:large","max-video-preview":"max-video-preview:-1"},"canonical":"https:\/\/equalitynow.org\/es\/red-regional-de-acceso-a-la-justicia-en-america-latina-y-el-caribe\/","og_locale":"es_ES","og_type":"article","og_title":"Red Regional de Acceso a la Justicia en Am\u00e9rica Latina y el Caribe","og_url":"https:\/\/equalitynow.org\/es\/red-regional-de-acceso-a-la-justicia-en-america-latina-y-el-caribe\/","og_site_name":"Equality Now","article_publisher":"https:\/\/www.facebook.com\/equalitynoworg\/","article_modified_time":"2025-11-20T12:14:21+00:00","og_image":[{"width":2560,"height":1707,"url":"https:\/\/equalitynow.org\/wp-content\/uploads\/2025\/11\/DSC5145-scaled.jpg","type":"image\/jpeg"}],"twitter_card":"summary_large_image","twitter_misc":{"Tiempo de lectura":"5 minutos"},"schema":{"@context":"https:\/\/schema.org","@graph":[{"@type":"WebPage","@id":"https:\/\/equalitynow.org\/es\/red-regional-de-acceso-a-la-justicia-en-america-latina-y-el-caribe\/","url":"https:\/\/equalitynow.org\/es\/red-regional-de-acceso-a-la-justicia-en-america-latina-y-el-caribe\/","name":"Red Regional de Acceso a la Justicia en Am\u00e9rica Latina y el Caribe - Equality Now","isPartOf":{"@id":"https:\/\/equalitynow.org\/#website"},"primaryImageOfPage":{"@id":"https:\/\/equalitynow.org\/es\/red-regional-de-acceso-a-la-justicia-en-america-latina-y-el-caribe\/#primaryimage"},"image":{"@id":"https:\/\/equalitynow.org\/es\/red-regional-de-acceso-a-la-justicia-en-america-latina-y-el-caribe\/#primaryimage"},"thumbnailUrl":"https:\/\/equalitynow.org\/wp-content\/uploads\/2025\/11\/DSC5145-scaled.jpg","datePublished":"2025-11-20T12:04:58+00:00","dateModified":"2025-11-20T12:14:21+00:00","breadcrumb":{"@id":"https:\/\/equalitynow.org\/es\/red-regional-de-acceso-a-la-justicia-en-america-latina-y-el-caribe\/#breadcrumb"},"inLanguage":"es","potentialAction":[{"@type":"ReadAction","target":["https:\/\/equalitynow.org\/es\/red-regional-de-acceso-a-la-justicia-en-america-latina-y-el-caribe\/"]}]},{"@type":"ImageObject","inLanguage":"es","@id":"https:\/\/equalitynow.org\/es\/red-regional-de-acceso-a-la-justicia-en-america-latina-y-el-caribe\/#primaryimage","url":"https:\/\/equalitynow.org\/wp-content\/uploads\/2025\/11\/DSC5145-scaled.jpg","contentUrl":"https:\/\/equalitynow.org\/wp-content\/uploads\/2025\/11\/DSC5145-scaled.jpg","width":2560,"height":1707},{"@type":"BreadcrumbList","@id":"https:\/\/equalitynow.org\/es\/red-regional-de-acceso-a-la-justicia-en-america-latina-y-el-caribe\/#breadcrumb","itemListElement":[{"@type":"ListItem","position":1,"name":"Home","item":"https:\/\/equalitynow.org\/es\/"},{"@type":"ListItem","position":2,"name":"Red Regional de Acceso a la Justicia en Am\u00e9rica Latina y el Caribe"}]},{"@type":"WebSite","@id":"https:\/\/equalitynow.org\/#website","url":"https:\/\/equalitynow.org\/","name":"Equality Now","description":"A just world for all women and girls","publisher":{"@id":"https:\/\/equalitynow.org\/#organization"},"potentialAction":[{"@type":"SearchAction","target":{"@type":"EntryPoint","urlTemplate":"https:\/\/equalitynow.org\/?s={search_term_string}"},"query-input":{"@type":"PropertyValueSpecification","valueRequired":true,"valueName":"search_term_string"}}],"inLanguage":"es"},{"@type":["Organization","Place"],"@id":"https:\/\/equalitynow.org\/#organization","name":"Equality Now","alternateName":"Equality Now","url":"https:\/\/equalitynow.org\/","logo":{"@id":"https:\/\/equalitynow.org\/es\/red-regional-de-acceso-a-la-justicia-en-america-latina-y-el-caribe\/#local-main-organization-logo"},"image":{"@id":"https:\/\/equalitynow.org\/es\/red-regional-de-acceso-a-la-justicia-en-america-latina-y-el-caribe\/#local-main-organization-logo"},"sameAs":["https:\/\/www.facebook.com\/equalitynoworg\/","https:\/\/www.linkedin.com\/company\/equality-now\/","https:\/\/www.instagram.com\/equalitynoworg"],"description":"Equality Now leads the way in driving the legal and systemic change needed to end violence and discrimination against all women and girls, everywhere in the world, to the benefit of all. Every year, our work leads to legal, systemic, and cultural progress that translates into real and positive change for millions of women and girls around the world. In 2024, we improved justice for over 52 million women & girls.","legalName":"Equality Now","foundingDate":"1992-04-10","numberOfEmployees":{"@type":"QuantitativeValue","minValue":"51","maxValue":"200"},"telephone":[],"openingHoursSpecification":[{"@type":"OpeningHoursSpecification","dayOfWeek":["Monday","Tuesday","Wednesday","Thursday","Friday","Saturday","Sunday"],"opens":"09:00","closes":"17:00"}]},{"@type":"ImageObject","inLanguage":"es","@id":"https:\/\/equalitynow.org\/es\/red-regional-de-acceso-a-la-justicia-en-america-latina-y-el-caribe\/#local-main-organization-logo","url":"https:\/\/equalitynow.org\/wp-content\/uploads\/2026\/03\/EN_stacked_blueGrey.png","contentUrl":"https:\/\/equalitynow.org\/wp-content\/uploads\/2026\/03\/EN_stacked_blueGrey.png","width":1265,"height":1287,"caption":"Equality Now"}]}},"_links":{"self":[{"href":"https:\/\/equalitynow.org\/es\/wp-json\/wp\/v2\/pages\/60012","targetHints":{"allow":["GET"]}}],"collection":[{"href":"https:\/\/equalitynow.org\/es\/wp-json\/wp\/v2\/pages"}],"about":[{"href":"https:\/\/equalitynow.org\/es\/wp-json\/wp\/v2\/types\/page"}],"author":[{"embeddable":true,"href":"https:\/\/equalitynow.org\/es\/wp-json\/wp\/v2\/users\/7"}],"replies":[{"embeddable":true,"href":"https:\/\/equalitynow.org\/es\/wp-json\/wp\/v2\/comments?post=60012"}],"version-history":[{"count":3,"href":"https:\/\/equalitynow.org\/es\/wp-json\/wp\/v2\/pages\/60012\/revisions"}],"predecessor-version":[{"id":60017,"href":"https:\/\/equalitynow.org\/es\/wp-json\/wp\/v2\/pages\/60012\/revisions\/60017"}],"wp:featuredmedia":[{"embeddable":true,"href":"https:\/\/equalitynow.org\/es\/wp-json\/wp\/v2\/media\/60008"}],"wp:attachment":[{"href":"https:\/\/equalitynow.org\/es\/wp-json\/wp\/v2\/media?parent=60012"}],"curies":[{"name":"wp","href":"https:\/\/api.w.org\/{rel}","templated":true}]}}